{"id":10111,"date":"2026-03-11T12:06:51","date_gmt":"2026-03-11T12:06:51","guid":{"rendered":"https:\/\/www.aladi.org\/?page_id=10111"},"modified":"2026-03-11T12:06:51","modified_gmt":"2026-03-11T12:06:51","slug":"visitas","status":"publish","type":"page","link":"https:\/\/www.aladi.org\/pt\/visitas\/","title":{"rendered":"Visitas"},"content":{"rendered":"<p><img decoding=\"async\" src=\"\/wp-content\/uploads\/2023\/05\/Banner-paises.png\" alt=\"\"><\/p>\n<div>Acerca de<\/div>\n<h1><strong>Visitas institucionales universitarias<\/strong><\/h1>\n<div>\n<p>La Secretar\u00eda General de la Asociaci\u00f3n Latinoamericana de Integraci\u00f3n (ALADI) ofrece visitas institucionales de car\u00e1cter acad\u00e9mico dirigidas a universidades e instituciones de educaci\u00f3n superior interesadas en conocer su labor, los procesos de integraci\u00f3n regional y las actividades que desarrolla la organizaci\u00f3n.<\/p>\n<p>Las visitas pueden realizarse en modalidad presencial o virtual, previa coordinaci\u00f3n.<\/p>\n<p>Para solicitar una visita, seleccione una fecha disponible en el siguiente calendario.<\/p>\n<\/div>\n<div>\n<p>    <!-- Principio del widget integrado de Calendly --><\/p>\n<div class=\"calendly-inline-widget\" data-url=\"https:\/\/calendly.com\/d\/cx9d-jgc-xt3\/visitas-institucionales-universitarias?hide_event_type_details=1\" style=\"min-width:320px;height:700px;\"><\/div>\n<p><script type=\"text\/javascript\" src=\"https:\/\/assets.calendly.com\/assets\/external\/widget.js\" async><\/script><br \/>\n<!-- Final del widget integrado de Calendly -->\n<\/div>\n<hr>\n<div>\n<p>Las solicitudes ser\u00e1n confirmadas por la Secretar\u00eda General de la ALADI v\u00eda correo electr\u00f3nico.\n<\/p>\n<\/div>\n<p><!--more--><br \/>\n<!-- {\"type\":\"layout\",\"children\":[{\"type\":\"section\",\"props\":{\"animation\":\"slide-left-small\",\"animation_delay\":\"200\",\"css\":\".el-section {\\n\\tmax-height:400px;\\n    overflow: hidden;\\n}\",\"image_position\":\"center-center\",\"image_size\":\"cover\",\"padding\":\"none\",\"style\":\"default\",\"title_breakpoint\":\"xl\",\"title_position\":\"top-left\",\"title_rotation\":\"left\",\"vertical_align\":\"\",\"width\":\"xlarge\"},\"children\":[{\"type\":\"row\",\"children\":[{\"type\":\"column\",\"props\":{\"image_position\":\"center-center\",\"position_sticky_breakpoint\":\"m\"},\"children\":[{\"type\":\"image\",\"props\":{\"css\":\".el-image {\\n    background-size: contain;\\n    min-width: 100%;\\n}\",\"image\":\"wp-content\\\/uploads\\\/2023\\\/05\\\/Banner-paises.png\",\"image_svg_color\":\"emphasis\",\"margin\":\"default\"}}]}]}],\"name\":\"Foto banner\"},{\"type\":\"section\",\"props\":{\"image_loading\":true,\"image_position\":\"top-center\",\"media_visibility\":\"m\",\"padding\":\"xsmall\",\"padding_remove_horizontal\":false,\"padding_remove_top\":false,\"style\":\"default\",\"title_breakpoint\":\"xl\",\"title_position\":\"top-left\",\"title_rotation\":\"left\",\"vertical_align\":\"\",\"width\":\"xlarge\"},\"children\":[{\"type\":\"row\",\"props\":{\"width\":\"xlarge\"},\"children\":[{\"type\":\"column\",\"props\":{\"image_position\":\"center-center\",\"position_sticky_breakpoint\":\"m\"},\"children\":[{\"type\":\"breadcrumbs\",\"props\":{\"margin\":\"remove-vertical\",\"margin_remove_top\":true,\"show_current\":true,\"show_home\":true}}]}]},{\"type\":\"row\",\"props\":{\"margin_remove_bottom\":false,\"width\":\"xlarge\"},\"children\":[{\"type\":\"column\",\"props\":{\"image_position\":\"center-center\",\"image_size\":\"cover\",\"padding\":\"none\",\"position_sticky_breakpoint\":\"m\",\"vertical_align\":\"middle\"},\"children\":[{\"type\":\"headline\",\"props\":{\"content\":\"Acerca de\",\"link_style\":false,\"title_color\":\"primary\",\"title_element\":\"div\",\"title_style\":\"h6\"}},{\"type\":\"headline\",\"props\":{\"content\":\"<strong>Visitas institucionales universitarias<\\\/strong>\",\"content_pt_br\":\"<strong>Visitas institucionais universit\\u00e1rias<\\\/strong>\",\"margin\":\"medium\",\"margin_remove_bottom\":false,\"margin_remove_top\":false,\"maxwidth\":\"xlarge\",\"text_align\":\"left\",\"text_align_fallback\":\"center\",\"title_color\":\"secondary\",\"title_element\":\"h1\",\"title_style\":\"h1\"}}]}]}],\"name\":\"T\\u00edtulos\"},{\"type\":\"section\",\"props\":{\"css\":\".el-section{\\n    margin-bottom: 50px;\\n\\t}\",\"image_position\":\"center-center\",\"padding\":\"small\",\"padding_remove_bottom\":false,\"padding_remove_top\":false,\"style\":\"default\",\"title_breakpoint\":\"xl\",\"title_position\":\"top-left\",\"title_rotation\":\"left\",\"vertical_align\":\"\",\"width\":\"xlarge\"},\"children\":[{\"type\":\"row\",\"props\":{\"column_gap\":\"large\",\"layout\":\"1-4,3-4\",\"margin\":\"large\",\"row_gap\":\"large\"},\"children\":[{\"type\":\"column\",\"props\":{\"image_position\":\"center-center\",\"position_sticky_breakpoint\":\"m\",\"style\":\"tile-muted\",\"width_medium\":\"1-4\"}},{\"type\":\"column\",\"props\":{\"image_position\":\"center-center\",\"position_sticky_breakpoint\":\"m\",\"width_medium\":\"3-4\"},\"children\":[{\"type\":\"text\",\"props\":{\"column_breakpoint\":\"m\",\"content\":\"\n\n<p>La Secretar\\u00eda General de la Asociaci\\u00f3n Latinoamericana de Integraci\\u00f3n (ALADI) ofrece visitas institucionales de car\\u00e1cter acad\\u00e9mico dirigidas a universidades e instituciones de educaci\\u00f3n superior interesadas en conocer su labor, los procesos de integraci\\u00f3n regional y las actividades que desarrolla la organizaci\\u00f3n.<\\\/p>\\n\\n\n\n<p>Las visitas pueden realizarse en modalidad presencial o virtual, previa coordinaci\\u00f3n.<\\\/p>\\n\\n\n\n<p>Para solicitar una visita, seleccione una fecha disponible en el siguiente calendario.<\\\/p>\\n\\n\",\"content_pt_br\":\"\n\n<p>A Secretaria-Geral da Associa\\u00e7\\u00e3o Latino-Americana de Integra\\u00e7\\u00e3o (ALADI) oferece visitas institucionais de car\\u00e1ter acad\\u00eamico dirigidas a universidades e institui\\u00e7\\u00f5es de ensino superior interessadas em conhecer sua tarefa, os processos de integra\\u00e7\\u00e3o regional e as atividades que a organiza\\u00e7\\u00e3o desenvolve.<\\\/p> \\n\n\n<p>As visitas podem ser feitas em modalidade presencial ou virtual, pr\\u00e9via coordena\\u00e7\\u00e3o. \n\n<p>\\n\n\n<p>Para solicitar uma visita, selecione uma data dispon\\u00edvel no seguinte calend\\u00e1rio. <\\\/p>\\n\",\"dropcap\":false,\"margin\":\"default\"}},{\"type\":\"html\",\"props\":{\"content\":\"<!-- Principio del widget integrado de Calendly -->\\n<\/p>\n<div class=\\\"calendly-inline-widget\\\" data-url=\\\"https:\\\/\\\/calendly.com\\\/d\\\/cx9d-jgc-xt3\\\/visitas-institucionales-universitarias?hide_event_type_details=1\\\" style=\\\"min-width:320px;height:700px;\\\"><\\\/div>\\n<script type=\\\"text\\\/javascript\\\" src=\\\"https:\\\/\\\/assets.calendly.com\\\/assets\\\/external\\\/widget.js\\\" async><\\\/script>\\n<!-- Final del widget integrado de Calendly -->\"}},{\"type\":\"divider\",\"props\":{\"divider_align\":\"left\",\"divider_align_breakpoint\":\"m\",\"divider_align_fallback\":\"center\",\"divider_element\":\"hr\",\"divider_style\":\"icon\",\"margin\":\"remove-vertical\"}},{\"type\":\"text\",\"props\":{\"column_breakpoint\":\"m\",\"content\":\"<\/p>\n<p>Las solicitudes ser\\u00e1n confirmadas por la Secretar\\u00eda General de la ALADI v\\u00eda correo electr\\u00f3nico.\\n<\\\/p>\",\"content_pt_br\":\"<\/p>\n<p>As solicita\\u00e7\\u00f5es ser\\u00e3o confirmadas pela Secretaria-Geral da ALADI via correio eletr\\u00f4nico.<\\\/p> \",\"dropcap\":false,\"margin\":\"default\"}}]}]}],\"name\":\"Post\"}],\"version\":\"4.4.12\"} --><\/p>\n","protected":false},"excerpt":{"rendered":"<p>Acerca de Visitas institucionales universitarias La Secretar\u00eda General de la Asociaci\u00f3n Latinoamericana de Integraci\u00f3n (ALADI) ofrece visitas institucionales de car\u00e1cter acad\u00e9mico dirigidas a universidades e instituciones de educaci\u00f3n superior interesadas en conocer su labor, los procesos de integraci\u00f3n regional y las actividades que desarrolla la organizaci\u00f3n. Las visitas pueden realizarse en modalidad presencial o virtual, [&hellip;]<\/p>\n","protected":false},"author":12,"featured_media":0,"parent":0,"menu_order":0,"comment_status":"closed","ping_status":"closed","template":"","meta":{"_acf_changed":false,"footnotes":""},"class_list":["post-10111","page","type-page","status-publish","hentry"],"acf":[],"yoast_head":"<!-- This site is optimized with the Yoast SEO plugin v26.5 - https:\/\/yoast.com\/wordpress\/plugins\/seo\/ -->\n<title>Visitas<\/title>\n<meta name=\"description\" content=\"Acerca de Visitas institucionales universitarias La Secretar\u00eda General de la Asociaci\u00f3n Latinoamericana de Integraci\u00f3n (ALADI) ofrece visitas institucionales de car\u00e1cter acad\u00e9mico dirigidas a universidades e instituciones de educaci\u00f3n superior interesadas en conocer su labor, los procesos de integraci\u00f3n regional y las actividades que desarrolla la organizaci\u00f3n. Las visitas pueden realizarse en modalidad presencial o virtual,&hellip;\" \/>\n<meta name=\"robots\" content=\"index, follow, max-snippet:-1, max-image-preview:large, max-video-preview:-1\" \/>\n<link rel=\"canonical\" href=\"http:\/\/Acerca%20de%20Visitas%20institucionales%20universitarias%20La%20Secretar\u00eda%20General%20de%20la%20Asociaci\u00f3n%20Latinoamericana%20de%20Integraci\u00f3n%20(ALADI)%20ofrece%20visitas%20institucionales%20de%20car\u00e1cter%20acad\u00e9mico%20dirigidas%20a%20universidades%20e%20instituciones%20de%20educaci\u00f3n%20superior%20interesadas%20en%20conocer%20su%20labor,%20los%20procesos%20de%20integraci\u00f3n%20regional%20y%20las%20actividades%20que%20desarrolla%20la%20organizaci\u00f3n.%20Las%20visitas%20pueden%20realizarse%20en%20modalidad%20presencial%20o%20virtual,&hellip;\" \/>\n<meta property=\"og:locale\" content=\"pt_BR\" \/>\n<meta property=\"og:type\" content=\"article\" \/>\n<meta property=\"og:title\" content=\"Visitas\" \/>\n<meta property=\"og:description\" content=\"Acerca de Visitas institucionales universitarias La Secretar\u00eda General de la Asociaci\u00f3n Latinoamericana de Integraci\u00f3n (ALADI) ofrece visitas institucionales de car\u00e1cter acad\u00e9mico dirigidas a universidades e instituciones de educaci\u00f3n superior interesadas en conocer su labor, los procesos de integraci\u00f3n regional y las actividades que desarrolla la organizaci\u00f3n. Las visitas pueden realizarse en modalidad presencial o virtual,&hellip;\" \/>\n<meta property=\"og:url\" content=\"https:\/\/www.aladi.org\/pt\/visitas\/\" \/>\n<meta property=\"og:site_name\" content=\"ALADI\" \/>\n<meta property=\"article:publisher\" content=\"https:\/\/es-la.facebook.com\/people\/ALADI\/100064606213084\/\" \/>\n<meta name=\"twitter:card\" content=\"summary_large_image\" \/>\n<meta name=\"twitter:site\" content=\"@ALADI_SG\" \/>\n<meta name=\"twitter:label1\" content=\"Est. reading time\" \/>\n\t<meta name=\"twitter:data1\" content=\"1 minute\" \/>\n<script type=\"application\/ld+json\" class=\"yoast-schema-graph\">{\"@context\":\"https:\/\/schema.org\",\"@graph\":[{\"@type\":\"WebPage\",\"@id\":\"https:\/\/www.aladi.org\/pt\/visitas\/\",\"url\":\"https:\/\/www.aladi.org\/pt\/visitas\/\",\"name\":\"Visitas - ALADI\",\"isPartOf\":{\"@id\":\"https:\/\/www.aladi.org\/#website\"},\"datePublished\":\"2026-03-11T12:06:51+00:00\",\"breadcrumb\":{\"@id\":\"https:\/\/www.aladi.org\/pt\/visitas\/#breadcrumb\"},\"inLanguage\":\"pt-BR\",\"potentialAction\":[{\"@type\":\"ReadAction\",\"target\":[\"https:\/\/www.aladi.org\/pt\/visitas\/\"]}]},{\"@type\":\"BreadcrumbList\",\"@id\":\"https:\/\/www.aladi.org\/pt\/visitas\/#breadcrumb\",\"itemListElement\":[{\"@type\":\"ListItem\",\"position\":1,\"name\":\"Home\",\"item\":\"https:\/\/www.aladi.org\/\"},{\"@type\":\"ListItem\",\"position\":2,\"name\":\"Visitas\"}]},{\"@type\":\"WebSite\",\"@id\":\"https:\/\/www.aladi.org\/pt\/#website\",\"url\":\"https:\/\/www.aladi.org\/pt\/\",\"name\":\"ALADI\",\"description\":\"Asociaci\u00f3n Latinoamericana de Integraci\u00f3n\",\"publisher\":{\"@id\":\"https:\/\/www.aladi.org\/pt\/#organization\"},\"potentialAction\":[{\"@type\":\"SearchAction\",\"target\":{\"@type\":\"EntryPoint\",\"urlTemplate\":\"https:\/\/www.aladi.org\/pt\/?s={search_term_string}\"},\"query-input\":{\"@type\":\"PropertyValueSpecification\",\"valueRequired\":true,\"valueName\":\"search_term_string\"}}],\"inLanguage\":\"pt-BR\"},{\"@type\":\"Organization\",\"@id\":\"https:\/\/www.aladi.org\/pt\/#organization\",\"name\":\"ALADI\",\"url\":\"https:\/\/www.aladi.org\/pt\/\",\"logo\":{\"@type\":\"ImageObject\",\"inLanguage\":\"pt-BR\",\"@id\":\"https:\/\/www.aladi.org\/pt\/#\/schema\/logo\/image\/\",\"url\":\"https:\/\/www.aladi.org\/wp-content\/uploads\/2025\/12\/Logo-ALADI.png\",\"contentUrl\":\"https:\/\/www.aladi.org\/wp-content\/uploads\/2025\/12\/Logo-ALADI.png\",\"width\":375,\"height\":235,\"caption\":\"ALADI\"},\"image\":{\"@id\":\"https:\/\/www.aladi.org\/pt\/#\/schema\/logo\/image\/\"},\"sameAs\":[\"https:\/\/es-la.facebook.com\/people\/ALADI\/100064606213084\/\",\"https:\/\/x.com\/ALADI_SG\",\"https:\/\/www.instagram.com\/aladi_sg\/?hl=es\",\"https:\/\/www.linkedin.com\/company\/aladi\/\",\"https:\/\/www.flickr.com\/photos\/aladi\/\",\"https:\/\/www.youtube.com\/channel\/UCrkJWOWHKF6igQmWE8Clnpg\"]}]}<\/script>\n<!-- \/ Yoast SEO plugin. -->","yoast_head_json":{"title":"Visitas","description":"Acerca de Visitas institucionales universitarias La Secretar\u00eda General de la Asociaci\u00f3n Latinoamericana de Integraci\u00f3n (ALADI) ofrece visitas institucionales de car\u00e1cter acad\u00e9mico dirigidas a universidades e instituciones de educaci\u00f3n superior interesadas en conocer su labor, los procesos de integraci\u00f3n regional y las actividades que desarrolla la organizaci\u00f3n. Las visitas pueden realizarse en modalidad presencial o virtual,&hellip;","robots":{"index":"index","follow":"follow","max-snippet":"max-snippet:-1","max-image-preview":"max-image-preview:large","max-video-preview":"max-video-preview:-1"},"canonical":"Acerca de Visitas institucionales universitarias La Secretar\u00eda General de la Asociaci\u00f3n Latinoamericana de Integraci\u00f3n (ALADI) ofrece visitas institucionales de car\u00e1cter acad\u00e9mico dirigidas a universidades e instituciones de educaci\u00f3n superior interesadas en conocer su labor, los procesos de integraci\u00f3n regional y las actividades que desarrolla la organizaci\u00f3n. Las visitas pueden realizarse en modalidad presencial o virtual,&hellip;","og_locale":"pt_BR","og_type":"article","og_title":"Visitas","og_description":"Acerca de Visitas institucionales universitarias La Secretar\u00eda General de la Asociaci\u00f3n Latinoamericana de Integraci\u00f3n (ALADI) ofrece visitas institucionales de car\u00e1cter acad\u00e9mico dirigidas a universidades e instituciones de educaci\u00f3n superior interesadas en conocer su labor, los procesos de integraci\u00f3n regional y las actividades que desarrolla la organizaci\u00f3n. Las visitas pueden realizarse en modalidad presencial o virtual,&hellip;","og_url":"https:\/\/www.aladi.org\/pt\/visitas\/","og_site_name":"ALADI","article_publisher":"https:\/\/es-la.facebook.com\/people\/ALADI\/100064606213084\/","twitter_card":"summary_large_image","twitter_site":"@ALADI_SG","twitter_misc":{"Est. reading time":"1 minute"},"schema":{"@context":"https:\/\/schema.org","@graph":[{"@type":"WebPage","@id":"https:\/\/www.aladi.org\/pt\/visitas\/","url":"https:\/\/www.aladi.org\/pt\/visitas\/","name":"Visitas - ALADI","isPartOf":{"@id":"https:\/\/www.aladi.org\/#website"},"datePublished":"2026-03-11T12:06:51+00:00","breadcrumb":{"@id":"https:\/\/www.aladi.org\/pt\/visitas\/#breadcrumb"},"inLanguage":"pt-BR","potentialAction":[{"@type":"ReadAction","target":["https:\/\/www.aladi.org\/pt\/visitas\/"]}]},{"@type":"BreadcrumbList","@id":"https:\/\/www.aladi.org\/pt\/visitas\/#breadcrumb","itemListElement":[{"@type":"ListItem","position":1,"name":"Home","item":"https:\/\/www.aladi.org\/"},{"@type":"ListItem","position":2,"name":"Visitas"}]},{"@type":"WebSite","@id":"https:\/\/www.aladi.org\/pt\/#website","url":"https:\/\/www.aladi.org\/pt\/","name":"ALADI","description":"Asociaci\u00f3n Latinoamericana de Integraci\u00f3n","publisher":{"@id":"https:\/\/www.aladi.org\/pt\/#organization"},"potentialAction":[{"@type":"SearchAction","target":{"@type":"EntryPoint","urlTemplate":"https:\/\/www.aladi.org\/pt\/?s={search_term_string}"},"query-input":{"@type":"PropertyValueSpecification","valueRequired":true,"valueName":"search_term_string"}}],"inLanguage":"pt-BR"},{"@type":"Organization","@id":"https:\/\/www.aladi.org\/pt\/#organization","name":"ALADI","url":"https:\/\/www.aladi.org\/pt\/","logo":{"@type":"ImageObject","inLanguage":"pt-BR","@id":"https:\/\/www.aladi.org\/pt\/#\/schema\/logo\/image\/","url":"https:\/\/www.aladi.org\/wp-content\/uploads\/2025\/12\/Logo-ALADI.png","contentUrl":"https:\/\/www.aladi.org\/wp-content\/uploads\/2025\/12\/Logo-ALADI.png","width":375,"height":235,"caption":"ALADI"},"image":{"@id":"https:\/\/www.aladi.org\/pt\/#\/schema\/logo\/image\/"},"sameAs":["https:\/\/es-la.facebook.com\/people\/ALADI\/100064606213084\/","https:\/\/x.com\/ALADI_SG","https:\/\/www.instagram.com\/aladi_sg\/?hl=es","https:\/\/www.linkedin.com\/company\/aladi\/","https:\/\/www.flickr.com\/photos\/aladi\/","https:\/\/www.youtube.com\/channel\/UCrkJWOWHKF6igQmWE8Clnpg"]}]}},"jetpack_sharing_enabled":true,"_links":{"self":[{"href":"https:\/\/www.aladi.org\/pt\/wp-json\/wp\/v2\/pages\/10111","targetHints":{"allow":["GET"]}}],"collection":[{"href":"https:\/\/www.aladi.org\/pt\/wp-json\/wp\/v2\/pages"}],"about":[{"href":"https:\/\/www.aladi.org\/pt\/wp-json\/wp\/v2\/types\/page"}],"author":[{"embeddable":true,"href":"https:\/\/www.aladi.org\/pt\/wp-json\/wp\/v2\/users\/12"}],"replies":[{"embeddable":true,"href":"https:\/\/www.aladi.org\/pt\/wp-json\/wp\/v2\/comments?post=10111"}],"version-history":[{"count":3,"href":"https:\/\/www.aladi.org\/pt\/wp-json\/wp\/v2\/pages\/10111\/revisions"}],"predecessor-version":[{"id":10117,"href":"https:\/\/www.aladi.org\/pt\/wp-json\/wp\/v2\/pages\/10111\/revisions\/10117"}],"wp:attachment":[{"href":"https:\/\/www.aladi.org\/pt\/wp-json\/wp\/v2\/media?parent=10111"}],"curies":[{"name":"wp","href":"https:\/\/api.w.org\/{rel}","templated":true}]}}